{"id":35,"date":"2015-11-02T20:13:31","date_gmt":"2015-11-02T19:13:31","guid":{"rendered":"http:\/\/www.pacienti.cz\/?page_id=35"},"modified":"2019-08-16T01:13:16","modified_gmt":"2019-08-15T23:13:16","slug":"charta-prav","status":"publish","type":"page","link":"https:\/\/www.pacienti.cz\/?page_id=35","title":{"rendered":"Charta pr\u00e1v pacient\u016f"},"content":{"rendered":"<hr \/>\r\n<p><img loading=\"lazy\" decoding=\"async\" class=\"alignright wp-image-201 size-full\" src=\"https:\/\/www.pacienti.cz\/wp-content\/uploads\/2015\/11\/charta_prav_pacientu_eu.jpg\" alt=\"\" width=\"138\" height=\"151\" \/><\/p>\r\n<p>&nbsp;<\/p>\r\n<h1><span style=\"color: #0000ff;\"><a style=\"color: #0000ff;\" href=\"https:\/\/www.pacienti.cz\/wp-content\/uploads\/2019\/02\/charta_prav_pacientu_2008_1.pdf\"><strong>Evropsk\u00e1 charta pr\u00e1v pacient\u016f 1. str.<\/strong><\/a><\/span><\/h1>\r\n<h1><span style=\"color: #3366ff;\"><a style=\"color: #3366ff;\" href=\"https:\/\/www.pacienti.cz\/wp-content\/uploads\/2019\/02\/charta_prav_pacientu_2008_2.pdf\"><strong>Evropsk\u00e1 charta pr\u00e1v pacient\u016f 2. str.<\/strong><\/a><\/span><\/h1>\r\n<p>&nbsp;<\/p>\r\n<h1><span style=\"color: #ff0000;\"><a style=\"color: #ff0000;\" href=\"https:\/\/www.homolka.cz\/data\/upload\/files\/charta_prav_senioru.PDF\">Evropsk\u00e1 charta pr\u00e1v pacient\u016f senior\u016f<\/a><\/span><\/h1>\r\n<p>&nbsp;<\/p>\r\n<h1><a href=\"http:\/\/zdravotni.praha.eu\/jnp\/cz\/informace_pro_pacienty\/charta_prav_pacienta\/prava_pacientu.html\"><strong><span style=\"color: #000080;\">Pr\u00e1va pacient\u016f v \u010cR<\/span><\/strong><\/a><\/h1>\r\n<p>&nbsp;<\/p>\r\n<h2><span style=\"color: #ff0000;\"><a style=\"color: #ff0000;\" href=\"http:\/\/www.plicnifibroza.cz\/aktualne\/60-charta-prav-pacientu-s-idiopatickou-plicni-fibrozou\/?page=7\">Charta pr\u00e1v pacient\u016f s idiopatickou plicn\u00ed fibr\u00f3zou<\/a><\/span><\/h2>\r\n<p>&nbsp;<\/p>\r\n<h1><span style=\"color: #ff00ff;\"><a style=\"color: #ff00ff;\" href=\"http:\/\/www.onko.cz\/prava-pacientu-charta-prav-nemocnych\/\">Charta pr\u00e1v nemocn\u00fdch<\/a><\/span><\/h1>\r\n<p>&nbsp;<\/p>\r\n<h1 class=\"section-name\"><span style=\"color: #993300;\"><a style=\"color: #993300;\" href=\"https:\/\/www.hledamzdravi.cz\/prava-telesne-postizenych\/\">Pr\u00e1va t\u011blesn\u011b posti\u017een\u00fdch<\/a><\/span><\/h1>\r\n<p>&nbsp;<\/p>\r\n<h1 id=\"page-title\" class=\"title\"><a href=\"http:\/\/www.zelenahvezda.cz\/pacientska-sekce\/p-stomie\/charta-prav-stomiku\">Charta pr\u00e1v stomik\u016f<\/a><\/h1>\r\n<p>&nbsp;<\/p>\r\n<h2><a href=\"https:\/\/www.pacienti.cz\/?page_id=90\"><strong><span style=\"color: #008000;\">PACIENTSK\u00c9 DESATERO PRO L\u00c9KA\u0158E<\/span><\/strong><\/a><\/h2>\r\n<p>&nbsp;<\/p>\r\n","protected":false},"excerpt":{"rendered":"<p>&nbsp; Evropsk\u00e1 charta pr\u00e1v pacient\u016f 1. str. Evropsk\u00e1 charta pr\u00e1v pacient\u016f 2. str. &nbsp; Evropsk\u00e1 charta pr\u00e1v pacient\u016f senior\u016f &nbsp; Pr\u00e1va pacient\u016f v \u010cR &nbsp; Charta pr\u00e1v pacient\u016f s idiopatickou plicn\u00ed fibr\u00f3zou &nbsp; Charta pr\u00e1v nemocn\u00fdch &nbsp; Pr\u00e1va t\u011blesn\u011b posti\u017een\u00fdch &nbsp; Charta pr\u00e1v stomik\u016f &nbsp; PACIENTSK\u00c9 DESATERO PRO L\u00c9KA\u0158E &nbsp;<\/p>\n","protected":false},"author":1,"featured_media":0,"parent":31,"menu_order":0,"comment_status":"closed","ping_status":"closed","template":"","meta":{"footnotes":""},"_links":{"self":[{"href":"https:\/\/www.pacienti.cz\/index.php?rest_route=\/wp\/v2\/pages\/35"}],"collection":[{"href":"https:\/\/www.pacienti.cz\/index.php?rest_route=\/wp\/v2\/pages"}],"about":[{"href":"https:\/\/www.pacienti.cz\/index.php?rest_route=\/wp\/v2\/types\/page"}],"author":[{"embeddable":true,"href":"https:\/\/www.pacienti.cz\/index.php?rest_route=\/wp\/v2\/users\/1"}],"replies":[{"embeddable":true,"href":"https:\/\/www.pacienti.cz\/index.php?rest_route=%2Fwp%2Fv2%2Fcomments&post=35"}],"version-history":[{"count":16,"href":"https:\/\/www.pacienti.cz\/index.php?rest_route=\/wp\/v2\/pages\/35\/revisions"}],"predecessor-version":[{"id":2179,"href":"https:\/\/www.pacienti.cz\/index.php?rest_route=\/wp\/v2\/pages\/35\/revisions\/2179"}],"up":[{"embeddable":true,"href":"https:\/\/www.pacienti.cz\/index.php?rest_route=\/wp\/v2\/pages\/31"}],"wp:attachment":[{"href":"https:\/\/www.pacienti.cz\/index.php?rest_route=%2Fwp%2Fv2%2Fmedia&parent=35"}],"curies":[{"name":"wp","href":"https:\/\/api.w.org\/{rel}","templated":true}]}}